{"id":3,"date":"2020-07-28T22:39:14","date_gmt":"2020-07-28T22:39:14","guid":{"rendered":"https:\/\/editorialresistencia.com.mx\/tienda\/?page_id=3"},"modified":"2022-02-02T15:17:43","modified_gmt":"2022-02-02T15:17:43","slug":"aviso-de-privacidad","status":"publish","type":"page","link":"https:\/\/editorialresistencia.com.mx\/tienda\/aviso-de-privacidad\/","title":{"rendered":"Pol\u00edtica de privacidad"},"content":{"rendered":"\n<p>Editorial Resistencia S.A. de C.V.<\/p>\n\n\n\n<p><br><strong>Editorial Resistencia S.A. de C.V.<\/strong>, con sede en la CDMX, pa\u00eds M\u00e9xico, y portal de internet https:\/\/www.editorialresistencia.com.mx , es el responsable del uso y protecci\u00f3n de sus datos personales, y al respecto le informamos lo siguiente:<\/p>\n\n\n\n<p><br>De manera adicional, utilizaremos su informaci\u00f3n personal para las siguientes finalidades secundarias que no son necesarias para el servicio solicitado, pero que nos permiten y facilitan brindarle una mejor atenci\u00f3n:<\/p>\n\n\n\n<p><br><strong>1. Editorial Resistencia, S.A. de C.V.<\/strong>&nbsp;recopila solamente la informaci\u00f3n que \u00e9sta p\u00e1gina solicita con los siguientes prop\u00f3sitos: (A) fines de identificaci\u00f3n (B) fines de entrega de informaci\u00f3n y documentaci\u00f3n, (C) fines de facturaci\u00f3n, (D) Para fines de brindar informaci\u00f3n y asesor\u00eda v\u00eda telef\u00f3nica por correo electr\u00f3nico o v\u00eda On Line (E) para eventualmente contactarlo con el fin de responder a su solicitud de servicio e informaci\u00f3n y\/o monitorear la frecuencia del uso de este Portal, compras en l\u00ednea o informaci\u00f3n de nuestros libros. (F) Para administraci\u00f3n interna y prop\u00f3sitos de an\u00e1lisis. (G) Envi\u00f3 de informaci\u00f3n y nuevas publicaciones, envi\u00f3 de folleter\u00eda promocional y manuales respecto de las soluciones. En la recolecci\u00f3n de datos personales seguimos todos los principios que marca la Ley (art\u00edculo 6): licitud, calidad, consentimiento, informaci\u00f3n, finalidad, lealtad, proporcionalidad y responsabilidad.<\/p>\n\n\n\n<p><br><strong>2. Sus datos personales jam\u00e1s ser\u00e1n divulgados ni compartidos con terceros<\/strong>&nbsp;(no habr\u00e1 transferencia de datos), ni se les dar\u00e1 un uso distinto al se\u00f1alado en el punto 1 anterior, salvo que medie un cambio en este Aviso de Privacidad. No obstante, nosotros podemos contratar a un tercero externo para manejar y administrar este Portal y para que nos apoye a entender c\u00f3mo los visitantes lo utilizan. Aun cuando este tercero puede recolectar informaci\u00f3n sobre Usted en nuestro nombre, nosotros controlamos el uso de esa informaci\u00f3n de acuerdo con este Aviso. No comercializamos, vendemos o rentamos informaci\u00f3n personal sobre Usted a un tercero sin un consentimiento previo de su parte o a solicitud expresa del usuario como pudiera ser en los casos de fusi\u00f3n, adquisici\u00f3n o venta de activos que efect\u00fae Editorial Resistencia.<\/p>\n\n\n\n<p><br><strong>3. Se hace la advertencia que<\/strong>\u00a0Editorial Resistencia puede utilizar \\\u00bbcookies\\\u00bb para confirmar su identificaci\u00f3n, personalizar su acceso a este Portal y revisar su uso, con el solo prop\u00f3sito de mejorar su navegaci\u00f3n y sus condiciones de funcionalidad, toda vez que mediante las citadas \u201ccookies\u201d no se recaban datos personales de los usuarios en t\u00e9rminos de la Ley. Este Portal tiene ligas a otros sitios externos, de los cuales el contenido y pol\u00edticas de privacidad no son responsabilidad de Editorial Resistencia.<\/p>\n\n\n\n<p><strong>4. Obtenci\u00f3n y tratamiento al utilizar el formulario de contacto<\/strong>. Cuando utiliza el formulario de contacto o de soporte, nosotros recogemos datos de car\u00e1cter personal (detalles sobre circunstancias personales o materiales de una persona f\u00edsica determinada o identificable) solo en la medida en que usted los proporciona. Utilizamos su direcci\u00f3n de correo electr\u00f3nico solo para procesar su consulta. Despu\u00e9s se eliminan sus datos, a menos que usted haya dado su consentimiento para el tratamiento y uso posteriores.<\/p>\n\n\n\n<p><br><strong>5. Prospecci\u00f3n comercial.<\/strong>&nbsp;Editorial Resistencia recopila datos de sus clientes con fines de prospecci\u00f3n comercial, a trav\u00e9s de formularios que el usuario llena de manera voluntaria, de registro de nuevos clientes.<\/p>\n\n\n\n<p><br><strong>5. En el presente Portal<\/strong>, https:\/\/www.editorialresistencia.com.mx, no recaba datos personales sensibles de los usuarios. No obstante, si se diera el caso, se obtendr\u00e1 el consentimiento expreso y por escrito del titular para su tratamiento, a trav\u00e9s de su firma aut\u00f3grafa, firma electr\u00f3nica, o cualquier mecanismo de autenticaci\u00f3n.<\/p>\n\n\n\n<p><br>Nos reservamos el derecho de cambiar este Aviso de Privacidad en cualquier momento.<\/p>\n\n\n\n<p><br>La negativa para el uso de sus datos personales para estas finalidades no podr\u00e1 ser un motivo para que le neguemos los servicios y productos que solicita o contrata con nosotros.<\/p>\n\n\n\n<p><br>Para conocer mayor informaci\u00f3n sobre los t\u00e9rminos y condiciones en que ser\u00e1n tratados sus datos personales, como los terceros con quienes compartimos su informaci\u00f3n personal y la forma en que podr\u00e1 ejercer sus derechos ARCO, puede consultar el aviso de privacidad integral en: https:\/\/www.editorialresistencia.com.mx\/aviso-de-privacidad<\/p>\n","protected":false},"excerpt":{"rendered":"<p>Editorial Resistencia S.A. de C.V.<\/p>\n<p>Editorial Resistencia S.A. de C.V., con sede en la CDMX, pa\u00eds M\u00e9xico, y portal de internet https:\/\/www.editorialresistencia.com.mx , es el responsable del uso y protecci\u00f3n de sus datos personales, y al respecto le informamos lo siguiente:<\/p>\n<p>De manera adicional, utilizaremos su informaci\u00f3n personal para las siguientes finalidades secundarias que no son necesarias para el servicio solicitado, pero que nos permiten y facilitan brindarle una mejor atenci\u00f3n:<\/p>\n<p>1.<\/p>\n","protected":false},"author":1,"featured_media":0,"parent":0,"menu_order":0,"comment_status":"closed","ping_status":"closed","template":"","meta":{"footnotes":""},"class_list":["post-3","page","type-page","status-publish","hentry"],"yoast_head":"<!-- This site is optimized with the Yoast SEO plugin v27.4 - https:\/\/yoast.com\/product\/yoast-seo-wordpress\/ -->\n<title>Pol\u00edtica de privacidad - Editorial Resistencia<\/title>\n<meta name=\"robots\" content=\"index, follow, max-snippet:-1, max-image-preview:large, max-video-preview:-1\" \/>\n<link rel=\"canonical\" href=\"https:\/\/editorialresistencia.com.mx\/tienda\/aviso-de-privacidad\/\" \/>\n<meta property=\"og:locale\" content=\"es_ES\" \/>\n<meta property=\"og:type\" content=\"article\" \/>\n<meta property=\"og:title\" content=\"Pol\u00edtica de privacidad - Editorial Resistencia\" \/>\n<meta property=\"og:description\" content=\"Editorial Resistencia S.A. de C.V.  Editorial Resistencia S.A. de C.V., con sede en la CDMX, pa\u00eds M\u00e9xico, y portal de internet https:\/\/www.editorialresistencia.com.mx , es el responsable del uso y protecci\u00f3n de sus datos personales, y al respecto le informamos lo siguiente:  De manera adicional, utilizaremos su informaci\u00f3n personal para las siguientes finalidades secundarias que no son necesarias para el servicio solicitado, pero que nos permiten y facilitan brindarle una mejor atenci\u00f3n:  1.\" \/>\n<meta property=\"og:url\" content=\"https:\/\/editorialresistencia.com.mx\/tienda\/aviso-de-privacidad\/\" \/>\n<meta property=\"og:site_name\" content=\"Editorial Resistencia\" \/>\n<meta property=\"article:publisher\" content=\"https:\/\/www.facebook.com\/resistenciaeditorial\" \/>\n<meta property=\"article:modified_time\" content=\"2022-02-02T15:17:43+00:00\" \/>\n<meta property=\"og:image\" content=\"https:\/\/editorialresistencia.com.mx\/tienda\/wp-content\/uploads\/2024\/09\/Logo-Resistencia.jpg\" \/>\n\t<meta property=\"og:image:width\" content=\"512\" \/>\n\t<meta property=\"og:image:height\" content=\"512\" \/>\n\t<meta property=\"og:image:type\" content=\"image\/jpeg\" \/>\n<meta name=\"twitter:card\" content=\"summary_large_image\" \/>\n<meta name=\"twitter:site\" content=\"@edresistencia\" \/>\n<meta name=\"twitter:label1\" content=\"Tiempo de lectura\" \/>\n\t<meta name=\"twitter:data1\" content=\"4 minutos\" \/>\n<script type=\"application\/ld+json\" class=\"yoast-schema-graph\">{\"@context\":\"https:\\\/\\\/schema.org\",\"@graph\":[{\"@type\":\"WebPage\",\"@id\":\"https:\\\/\\\/editorialresistencia.com.mx\\\/tienda\\\/aviso-de-privacidad\\\/\",\"url\":\"https:\\\/\\\/editorialresistencia.com.mx\\\/tienda\\\/aviso-de-privacidad\\\/\",\"name\":\"Pol\u00edtica de privacidad - Editorial Resistencia\",\"isPartOf\":{\"@id\":\"https:\\\/\\\/editorialresistencia.com.mx\\\/tienda\\\/#website\"},\"datePublished\":\"2020-07-28T22:39:14+00:00\",\"dateModified\":\"2022-02-02T15:17:43+00:00\",\"breadcrumb\":{\"@id\":\"https:\\\/\\\/editorialresistencia.com.mx\\\/tienda\\\/aviso-de-privacidad\\\/#breadcrumb\"},\"inLanguage\":\"es\",\"potentialAction\":[{\"@type\":\"ReadAction\",\"target\":[\"https:\\\/\\\/editorialresistencia.com.mx\\\/tienda\\\/aviso-de-privacidad\\\/\"]}]},{\"@type\":\"BreadcrumbList\",\"@id\":\"https:\\\/\\\/editorialresistencia.com.mx\\\/tienda\\\/aviso-de-privacidad\\\/#breadcrumb\",\"itemListElement\":[{\"@type\":\"ListItem\",\"position\":1,\"name\":\"Portada\",\"item\":\"https:\\\/\\\/editorialresistencia.com.mx\\\/tienda\\\/\"},{\"@type\":\"ListItem\",\"position\":2,\"name\":\"Pol\u00edtica de privacidad\"}]},{\"@type\":\"WebSite\",\"@id\":\"https:\\\/\\\/editorialresistencia.com.mx\\\/tienda\\\/#website\",\"url\":\"https:\\\/\\\/editorialresistencia.com.mx\\\/tienda\\\/\",\"name\":\"Editorial Resistencia\",\"description\":\"Publicaci\u00f3n de libros infantiles triling\u00fces.\",\"publisher\":{\"@id\":\"https:\\\/\\\/editorialresistencia.com.mx\\\/tienda\\\/#organization\"},\"alternateName\":\"Publicaci\u00f3n de libros infantiles triling\u00fces.\",\"potentialAction\":[{\"@type\":\"SearchAction\",\"target\":{\"@type\":\"EntryPoint\",\"urlTemplate\":\"https:\\\/\\\/editorialresistencia.com.mx\\\/tienda\\\/?s={search_term_string}\"},\"query-input\":{\"@type\":\"PropertyValueSpecification\",\"valueRequired\":true,\"valueName\":\"search_term_string\"}}],\"inLanguage\":\"es\"},{\"@type\":\"Organization\",\"@id\":\"https:\\\/\\\/editorialresistencia.com.mx\\\/tienda\\\/#organization\",\"name\":\"Editorial Resistencia\",\"alternateName\":\"Publicaci\u00f3n de libros infantiles triling\u00fces.\",\"url\":\"https:\\\/\\\/editorialresistencia.com.mx\\\/tienda\\\/\",\"logo\":{\"@type\":\"ImageObject\",\"inLanguage\":\"es\",\"@id\":\"https:\\\/\\\/editorialresistencia.com.mx\\\/tienda\\\/#\\\/schema\\\/logo\\\/image\\\/\",\"url\":\"https:\\\/\\\/editorialresistencia.com.mx\\\/tienda\\\/wp-content\\\/uploads\\\/2024\\\/09\\\/Logo-Resistencia.jpg\",\"contentUrl\":\"https:\\\/\\\/editorialresistencia.com.mx\\\/tienda\\\/wp-content\\\/uploads\\\/2024\\\/09\\\/Logo-Resistencia.jpg\",\"width\":512,\"height\":512,\"caption\":\"Editorial Resistencia\"},\"image\":{\"@id\":\"https:\\\/\\\/editorialresistencia.com.mx\\\/tienda\\\/#\\\/schema\\\/logo\\\/image\\\/\"},\"sameAs\":[\"https:\\\/\\\/www.facebook.com\\\/resistenciaeditorial\",\"https:\\\/\\\/x.com\\\/edresistencia\"]}]}<\/script>\n<!-- \/ Yoast SEO plugin. -->","yoast_head_json":{"title":"Pol\u00edtica de privacidad - Editorial Resistencia","robots":{"index":"index","follow":"follow","max-snippet":"max-snippet:-1","max-image-preview":"max-image-preview:large","max-video-preview":"max-video-preview:-1"},"canonical":"https:\/\/editorialresistencia.com.mx\/tienda\/aviso-de-privacidad\/","og_locale":"es_ES","og_type":"article","og_title":"Pol\u00edtica de privacidad - Editorial Resistencia","og_description":"Editorial Resistencia S.A. de C.V.  Editorial Resistencia S.A. de C.V., con sede en la CDMX, pa\u00eds M\u00e9xico, y portal de internet https:\/\/www.editorialresistencia.com.mx , es el responsable del uso y protecci\u00f3n de sus datos personales, y al respecto le informamos lo siguiente:  De manera adicional, utilizaremos su informaci\u00f3n personal para las siguientes finalidades secundarias que no son necesarias para el servicio solicitado, pero que nos permiten y facilitan brindarle una mejor atenci\u00f3n:  1.","og_url":"https:\/\/editorialresistencia.com.mx\/tienda\/aviso-de-privacidad\/","og_site_name":"Editorial Resistencia","article_publisher":"https:\/\/www.facebook.com\/resistenciaeditorial","article_modified_time":"2022-02-02T15:17:43+00:00","og_image":[{"width":512,"height":512,"url":"https:\/\/editorialresistencia.com.mx\/tienda\/wp-content\/uploads\/2024\/09\/Logo-Resistencia.jpg","type":"image\/jpeg"}],"twitter_card":"summary_large_image","twitter_site":"@edresistencia","twitter_misc":{"Tiempo de lectura":"4 minutos"},"schema":{"@context":"https:\/\/schema.org","@graph":[{"@type":"WebPage","@id":"https:\/\/editorialresistencia.com.mx\/tienda\/aviso-de-privacidad\/","url":"https:\/\/editorialresistencia.com.mx\/tienda\/aviso-de-privacidad\/","name":"Pol\u00edtica de privacidad - Editorial Resistencia","isPartOf":{"@id":"https:\/\/editorialresistencia.com.mx\/tienda\/#website"},"datePublished":"2020-07-28T22:39:14+00:00","dateModified":"2022-02-02T15:17:43+00:00","breadcrumb":{"@id":"https:\/\/editorialresistencia.com.mx\/tienda\/aviso-de-privacidad\/#breadcrumb"},"inLanguage":"es","potentialAction":[{"@type":"ReadAction","target":["https:\/\/editorialresistencia.com.mx\/tienda\/aviso-de-privacidad\/"]}]},{"@type":"BreadcrumbList","@id":"https:\/\/editorialresistencia.com.mx\/tienda\/aviso-de-privacidad\/#breadcrumb","itemListElement":[{"@type":"ListItem","position":1,"name":"Portada","item":"https:\/\/editorialresistencia.com.mx\/tienda\/"},{"@type":"ListItem","position":2,"name":"Pol\u00edtica de privacidad"}]},{"@type":"WebSite","@id":"https:\/\/editorialresistencia.com.mx\/tienda\/#website","url":"https:\/\/editorialresistencia.com.mx\/tienda\/","name":"Editorial Resistencia","description":"Publicaci\u00f3n de libros infantiles triling\u00fces.","publisher":{"@id":"https:\/\/editorialresistencia.com.mx\/tienda\/#organization"},"alternateName":"Publicaci\u00f3n de libros infantiles triling\u00fces.","potentialAction":[{"@type":"SearchAction","target":{"@type":"EntryPoint","urlTemplate":"https:\/\/editorialresistencia.com.mx\/tienda\/?s={search_term_string}"},"query-input":{"@type":"PropertyValueSpecification","valueRequired":true,"valueName":"search_term_string"}}],"inLanguage":"es"},{"@type":"Organization","@id":"https:\/\/editorialresistencia.com.mx\/tienda\/#organization","name":"Editorial Resistencia","alternateName":"Publicaci\u00f3n de libros infantiles triling\u00fces.","url":"https:\/\/editorialresistencia.com.mx\/tienda\/","logo":{"@type":"ImageObject","inLanguage":"es","@id":"https:\/\/editorialresistencia.com.mx\/tienda\/#\/schema\/logo\/image\/","url":"https:\/\/editorialresistencia.com.mx\/tienda\/wp-content\/uploads\/2024\/09\/Logo-Resistencia.jpg","contentUrl":"https:\/\/editorialresistencia.com.mx\/tienda\/wp-content\/uploads\/2024\/09\/Logo-Resistencia.jpg","width":512,"height":512,"caption":"Editorial Resistencia"},"image":{"@id":"https:\/\/editorialresistencia.com.mx\/tienda\/#\/schema\/logo\/image\/"},"sameAs":["https:\/\/www.facebook.com\/resistenciaeditorial","https:\/\/x.com\/edresistencia"]}]}},"_links":{"self":[{"href":"https:\/\/editorialresistencia.com.mx\/tienda\/wp-json\/wp\/v2\/pages\/3","targetHints":{"allow":["GET"]}}],"collection":[{"href":"https:\/\/editorialresistencia.com.mx\/tienda\/wp-json\/wp\/v2\/pages"}],"about":[{"href":"https:\/\/editorialresistencia.com.mx\/tienda\/wp-json\/wp\/v2\/types\/page"}],"author":[{"embeddable":true,"href":"https:\/\/editorialresistencia.com.mx\/tienda\/wp-json\/wp\/v2\/users\/1"}],"replies":[{"embeddable":true,"href":"https:\/\/editorialresistencia.com.mx\/tienda\/wp-json\/wp\/v2\/comments?post=3"}],"version-history":[{"count":2,"href":"https:\/\/editorialresistencia.com.mx\/tienda\/wp-json\/wp\/v2\/pages\/3\/revisions"}],"predecessor-version":[{"id":796,"href":"https:\/\/editorialresistencia.com.mx\/tienda\/wp-json\/wp\/v2\/pages\/3\/revisions\/796"}],"wp:attachment":[{"href":"https:\/\/editorialresistencia.com.mx\/tienda\/wp-json\/wp\/v2\/media?parent=3"}],"curies":[{"name":"wp","href":"https:\/\/api.w.org\/{rel}","templated":true}]}}